{"id":19357,"date":"2025-09-27T09:39:02","date_gmt":"2025-09-27T09:39:02","guid":{"rendered":"https:\/\/lesinvestisseursbretons.fr\/?page_id=19357"},"modified":"2025-09-27T09:39:03","modified_gmt":"2025-09-27T09:39:03","slug":"politique-de-confidentialite","status":"publish","type":"page","link":"https:\/\/lesinvestisseursbretons.fr\/en\/politique-de-confidentialite\/","title":{"rendered":"Politique de confidentialit\u00e9"},"content":{"rendered":"<h2 class=\"wp-block-heading\">Qui sommes-nous ?<\/h2>\n\n\n\n<p>La plateforme <strong>Les Investisseurs Bretons<\/strong> (accessible \u00e0 l\u2019adresse : <a href=\"https:\/\/lesinvestisseursbretons.fr\/en\/\">https:\/\/lesinvestisseursbretons.fr<\/a>) est une extension d\u2019activit\u00e9 du cabinet <strong>Ateis Patrimoine<\/strong>, soci\u00e9t\u00e9 sp\u00e9cialis\u00e9e en gestion de patrimoine, dont le si\u00e8ge social est situ\u00e9 au <strong>29 rue Poliveau, 75005 Paris, France<\/strong>.<\/p>\n\n\n\n<p>Notre plateforme propose un service de mise en relation entre <strong>agents immobiliers<\/strong> et <strong>conseillers en gestion de patrimoine ind\u00e9pendants<\/strong> concernant des biens immobiliers <em>off-market<\/em>. L\u2019acc\u00e8s \u00e0 la plateforme est r\u00e9serv\u00e9 aux utilisateurs abonn\u00e9s.<\/p>\n\n\n\n<hr class=\"wp-block-separator has-alpha-channel-opacity\"\/>\n\n\n\n<h2 class=\"wp-block-heading\">Donn\u00e9es collect\u00e9es<\/h2>\n\n\n\n<h3 class=\"wp-block-heading\">Commentaires<\/h3>\n\n\n\n<p>Lorsque vous laissez un commentaire sur notre site, nous collectons :<\/p>\n\n\n\n<ul class=\"wp-block-list\">\n<li>Les donn\u00e9es inscrites dans le formulaire de commentaire,<\/li>\n\n\n\n<li>Votre adresse IP,<\/li>\n\n\n\n<li>L\u2019agent utilisateur de votre navigateur.<\/li>\n<\/ul>\n\n\n\n<p>Ces informations nous aident \u00e0 d\u00e9tecter les commentaires ind\u00e9sirables.<\/p>\n\n\n\n<p>Une cha\u00eene anonymis\u00e9e cr\u00e9\u00e9e \u00e0 partir de votre adresse e-mail (hash) peut \u00eatre envoy\u00e9e au service Gravatar pour v\u00e9rifier si vous utilisez ce dernier. La politique de confidentialit\u00e9 du service Gravatar est disponible ici : <a href=\"https:\/\/automattic.com\/privacy\/\" target=\"_blank\" rel=\"noopener\">https:\/\/automattic.com\/privacy\/<\/a>.<\/p>\n\n\n\n<p>Apr\u00e8s validation, votre photo de profil sera visible publiquement \u00e0 c\u00f4t\u00e9 de votre commentaire.<\/p>\n\n\n\n<h3 class=\"wp-block-heading\">M\u00e9dias<\/h3>\n\n\n\n<p>Si vous t\u00e9l\u00e9versez des images sur le site, \u00e9vitez de t\u00e9l\u00e9charger des images contenant des donn\u00e9es EXIF de coordonn\u00e9es GPS. Des tiers pourraient extraire vos donn\u00e9es de localisation \u00e0 partir de ces fichiers.<\/p>\n\n\n\n<h3 class=\"wp-block-heading\">Cookies<\/h3>\n\n\n\n<ul class=\"wp-block-list\">\n<li>Si vous d\u00e9posez un commentaire, vous pouvez choisir d\u2019enregistrer votre nom, adresse e-mail et site dans des cookies, pour plus de confort. Ces cookies expirent au bout d\u2019un an.<\/li>\n\n\n\n<li>Lors de votre connexion, plusieurs cookies sont cr\u00e9\u00e9s pour m\u00e9moriser vos informations de session et vos pr\u00e9f\u00e9rences d\u2019affichage.\n<ul class=\"wp-block-list\">\n<li>Un cookie de connexion dure <strong>2 jours<\/strong> (ou <strong>2 semaines<\/strong> si vous cochez \u00ab Se souvenir de moi \u00bb).<\/li>\n\n\n\n<li>Un cookie d\u2019option d\u2019\u00e9cran dure <strong>1 an<\/strong>.<\/li>\n<\/ul>\n<\/li>\n\n\n\n<li>En modifiant ou publiant une publication, un cookie suppl\u00e9mentaire sera enregistr\u00e9 (expirant au bout d\u2019un jour).<\/li>\n<\/ul>\n\n\n\n<h3 class=\"wp-block-heading\">Contenu embarqu\u00e9 depuis d\u2019autres sites<\/h3>\n\n\n\n<p>Les articles de ce site peuvent inclure des contenus int\u00e9gr\u00e9s (vid\u00e9os, images, articles\u2026). Ces contenus se comportent de la m\u00eame mani\u00e8re que si vous visitiez directement le site tiers.<br>Ces sites peuvent collecter des donn\u00e9es, utiliser des cookies et outils de suivi tiers, et analyser vos interactions avec leur contenu.<\/p>\n\n\n\n<hr class=\"wp-block-separator has-alpha-channel-opacity\"\/>\n\n\n\n<h2 class=\"wp-block-heading\">Utilisation de vos donn\u00e9es personnelles<\/h2>\n\n\n\n<p>Nous utilisons vos donn\u00e9es pour :<\/p>\n\n\n\n<ul class=\"wp-block-list\">\n<li>G\u00e9rer votre acc\u00e8s \u00e0 la plateforme et \u00e0 votre abonnement,<\/li>\n\n\n\n<li>Assurer la mise en relation entre professionnels inscrits,<\/li>\n\n\n\n<li>Pr\u00e9venir les abus, fraudes et spams,<\/li>\n\n\n\n<li>R\u00e9pondre \u00e0 vos demandes de contact,<\/li>\n\n\n\n<li>Respecter nos obligations l\u00e9gales (facturation, comptabilit\u00e9).<\/li>\n<\/ul>\n\n\n\n<p>Si vous demandez une r\u00e9initialisation de mot de passe, votre adresse IP sera incluse dans l\u2019e-mail envoy\u00e9.<\/p>\n\n\n\n<hr class=\"wp-block-separator has-alpha-channel-opacity\"\/>\n\n\n\n<h2 class=\"wp-block-heading\">Dur\u00e9e de conservation des donn\u00e9es<\/h2>\n\n\n\n<ul class=\"wp-block-list\">\n<li><strong>Commentaires<\/strong> : conserv\u00e9s ind\u00e9finiment (avec leurs m\u00e9tadonn\u00e9es), afin de reconna\u00eetre et approuver automatiquement vos prochains commentaires.<\/li>\n\n\n\n<li><strong>Comptes abonn\u00e9s<\/strong> : les donn\u00e9es de votre profil sont stock\u00e9es tant que votre compte est actif. Vous pouvez voir, modifier ou supprimer vos informations \u00e0 tout moment (\u00e0 l\u2019exception de votre identifiant).<\/li>\n\n\n\n<li><strong>Facturation et abonnement<\/strong> : les donn\u00e9es li\u00e9es aux transactions et abonnements sont conserv\u00e9es conform\u00e9ment aux obligations l\u00e9gales (6 \u00e0 10 ans selon la nature).<\/li>\n<\/ul>\n\n\n\n<hr class=\"wp-block-separator has-alpha-channel-opacity\"\/>\n\n\n\n<h2 class=\"wp-block-heading\">Vos droits sur vos donn\u00e9es<\/h2>\n\n\n\n<p>Conform\u00e9ment au <strong>RGPD<\/strong> et \u00e0 la <strong>loi Informatique et Libert\u00e9s<\/strong>, vous disposez des droits suivants :<\/p>\n\n\n\n<ul class=\"wp-block-list\">\n<li><strong>Acc\u00e8s<\/strong> : recevoir un fichier contenant toutes les donn\u00e9es personnelles que nous poss\u00e9dons sur vous.<\/li>\n\n\n\n<li><strong>Rectification<\/strong> : corriger vos informations personnelles.<\/li>\n\n\n\n<li><strong>Suppression<\/strong> : demander l\u2019effacement de vos donn\u00e9es personnelles (hors donn\u00e9es conserv\u00e9es pour raisons l\u00e9gales ou de s\u00e9curit\u00e9).<\/li>\n\n\n\n<li><strong>Portabilit\u00e9<\/strong> : obtenir une copie de vos donn\u00e9es dans un format structur\u00e9.<\/li>\n\n\n\n<li><strong>Opposition et limitation<\/strong> : vous opposer \u00e0 certains traitements ou demander leur restriction.<\/li>\n<\/ul>\n\n\n\n<p>Pour exercer vos droits, vous pouvez nous contacter par e-mail : <strong><a>contact@lesinvestisseursbretons.fr<\/a><\/strong> ou par courrier \u00e0 l\u2019adresse du si\u00e8ge social.<\/p>\n\n\n\n<hr class=\"wp-block-separator has-alpha-channel-opacity\"\/>\n\n\n\n<h2 class=\"wp-block-heading\">Transmission de vos donn\u00e9es<\/h2>\n\n\n\n<ul class=\"wp-block-list\">\n<li>Les commentaires des visiteurs peuvent \u00eatre v\u00e9rifi\u00e9s via un service automatis\u00e9 de d\u00e9tection des spams.<\/li>\n\n\n\n<li>Vos donn\u00e9es de paiement sont trait\u00e9es de mani\u00e8re s\u00e9curis\u00e9e par nos prestataires sp\u00e9cialis\u00e9s (Stripe, PayPal, ou tout autre fournisseur mentionn\u00e9 lors de la transaction).<\/li>\n\n\n\n<li>Nous ne vendons ni ne louons vos donn\u00e9es personnelles \u00e0 des tiers.<\/li>\n<\/ul>\n\n\n\n<hr class=\"wp-block-separator has-alpha-channel-opacity\"\/>\n\n\n\n<h2 class=\"wp-block-heading\">H\u00e9bergement et s\u00e9curit\u00e9<\/h2>\n\n\n\n<p>Le site <strong>lesinvestisseursbretons.fr<\/strong> est h\u00e9berg\u00e9 par un prestataire conforme aux normes europ\u00e9ennes de protection des donn\u00e9es.<br>Nous mettons en \u0153uvre toutes les mesures techniques et organisationnelles n\u00e9cessaires pour prot\u00e9ger vos informations contre tout acc\u00e8s non autoris\u00e9, perte, alt\u00e9ration ou divulgation.<\/p>\n\n\n\n<hr class=\"wp-block-separator has-alpha-channel-opacity\"\/>\n\n\n\n<h2 class=\"wp-block-heading\">Contact<\/h2>\n\n\n\n<p>Pour toute question relative \u00e0 cette politique de confidentialit\u00e9, vous pouvez nous \u00e9crire \u00e0 :<\/p>\n\n\n\n<p><strong>Ateis Patrimoine \u2013 Les Investisseurs Bretons<\/strong><br>29 rue Poliveau, 75005 Paris, France<br>\ud83d\udce7 <a>contact@lesinvestisseursbretons.fr<\/a><\/p>","protected":false},"excerpt":{"rendered":"<p>Qui sommes-nous ? La plateforme Les Investisseurs Bretons (accessible \u00e0 l\u2019adresse : https:\/\/lesinvestisseursbretons.fr) est une extension d\u2019activit\u00e9 du cabinet Ateis Patrimoine, soci\u00e9t\u00e9 sp\u00e9cialis\u00e9e en gestion de patrimoine, dont le si\u00e8ge social est situ\u00e9 au 29 rue Poliveau, 75005 Paris, France. Notre plateforme propose un service de mise en relation entre agents immobiliers et conseillers en [&hellip;]<\/p>","protected":false},"author":1,"featured_media":0,"parent":0,"menu_order":0,"comment_status":"closed","ping_status":"closed","template":"","meta":{"footnotes":""},"class_list":["post-19357","page","type-page","status-publish","hentry"],"_links":{"self":[{"href":"https:\/\/lesinvestisseursbretons.fr\/en\/wp-json\/wp\/v2\/pages\/19357","targetHints":{"allow":["GET"]}}],"collection":[{"href":"https:\/\/lesinvestisseursbretons.fr\/en\/wp-json\/wp\/v2\/pages"}],"about":[{"href":"https:\/\/lesinvestisseursbretons.fr\/en\/wp-json\/wp\/v2\/types\/page"}],"author":[{"embeddable":true,"href":"https:\/\/lesinvestisseursbretons.fr\/en\/wp-json\/wp\/v2\/users\/1"}],"replies":[{"embeddable":true,"href":"https:\/\/lesinvestisseursbretons.fr\/en\/wp-json\/wp\/v2\/comments?post=19357"}],"version-history":[{"count":1,"href":"https:\/\/lesinvestisseursbretons.fr\/en\/wp-json\/wp\/v2\/pages\/19357\/revisions"}],"predecessor-version":[{"id":19358,"href":"https:\/\/lesinvestisseursbretons.fr\/en\/wp-json\/wp\/v2\/pages\/19357\/revisions\/19358"}],"wp:attachment":[{"href":"https:\/\/lesinvestisseursbretons.fr\/en\/wp-json\/wp\/v2\/media?parent=19357"}],"curies":[{"name":"wp","href":"https:\/\/api.w.org\/{rel}","templated":true}]}}